{"id":5408,"date":"2024-01-23T15:21:21","date_gmt":"2024-01-23T15:21:21","guid":{"rendered":"https:\/\/www.thesanmarco.com\/?page_id=5408"},"modified":"2024-01-24T21:55:59","modified_gmt":"2024-01-24T21:55:59","slug":"nova-et-varia-2","status":"publish","type":"page","link":"https:\/\/www.thesanmarco.com\/index.php\/nova-et-varia-2\/","title":{"rendered":"Nova et Varia"},"content":{"rendered":"\t\t<div data-elementor-type=\"wp-page\" data-elementor-id=\"5408\" class=\"elementor elementor-5408\" data-elementor-post-type=\"page\">\n\t\t\t\t<div class=\"elementor-element elementor-element-e8bbcc0 e-con-full e-flex e-con e-parent\" data-id=\"e8bbcc0\" data-element_type=\"container\" data-settings=\"{&quot;background_background&quot;:&quot;classic&quot;}\">\n\t\t\t\t<div class=\"elementor-element elementor-element-6121d28 elementor-widget__width-initial elementor-widget elementor-widget-heading\" data-id=\"6121d28\" data-element_type=\"widget\" data-widget_type=\"heading.default\">\n\t\t\t\t<div class=\"elementor-widget-container\">\n\t\t\t\t\t<h5 class=\"elementor-heading-title elementor-size-default\">Nova et Varia<\/h5>\t\t\t\t<\/div>\n\t\t\t\t<\/div>\n\t\t\t\t<div class=\"elementor-element elementor-element-cddea31 elementor-widget__width-initial elementor-widget elementor-widget-text-editor\" data-id=\"cddea31\" data-element_type=\"widget\" data-widget_type=\"text-editor.default\">\n\t\t\t\t<div class=\"elementor-widget-container\">\n\t\t\t\t\t\t\t\t\t<p>Als Relaunch-Projekt gestartet, geht das Periodical des Juristenverbands mittlerweile ins 5. Jahr. Mitgrund f\u00fcr die ungebrochene Beliebtheit des Fachmagazins: Die zeitlose, \u00e4sthetische und einladende Aufbereitung des juristischen Fach-Contents.<\/p>\t\t\t\t\t\t\t\t<\/div>\n\t\t\t\t<\/div>\n\t\t\t\t<\/div>\n\t\t<div class=\"elementor-element elementor-element-3f45854 e-con-full e-flex e-con e-parent\" data-id=\"3f45854\" data-element_type=\"container\" data-settings=\"{&quot;background_background&quot;:&quot;classic&quot;}\">\n\t\t\t\t<div class=\"elementor-element elementor-element-e2be436 elementor-widget elementor-widget-gallery\" data-id=\"e2be436\" data-element_type=\"widget\" data-settings=\"{&quot;gallery_layout&quot;:&quot;masonry&quot;,&quot;columns&quot;:2,&quot;gap&quot;:{&quot;unit&quot;:&quot;px&quot;,&quot;size&quot;:50,&quot;sizes&quot;:[]},&quot;gap_tablet&quot;:{&quot;unit&quot;:&quot;px&quot;,&quot;size&quot;:25,&quot;sizes&quot;:[]},&quot;gap_mobile&quot;:{&quot;unit&quot;:&quot;px&quot;,&quot;size&quot;:25,&quot;sizes&quot;:[]},&quot;columns_laptop&quot;:2,&quot;gap_laptop&quot;:{&quot;unit&quot;:&quot;px&quot;,&quot;size&quot;:35,&quot;sizes&quot;:[]},&quot;lazyload&quot;:&quot;yes&quot;,&quot;columns_tablet&quot;:2,&quot;columns_mobile&quot;:1,&quot;content_hover_animation&quot;:&quot;fade-in&quot;}\" data-widget_type=\"gallery.default\">\n\t\t\t\t<div class=\"elementor-widget-container\">\n\t\t\t\t\t\t\t<div class=\"elementor-gallery__container\">\n\t\t\t\t\t\t\t<div class=\"e-gallery-item elementor-gallery-item elementor-animated-content\">\n\t\t\t\t\t<div class=\"e-gallery-image elementor-gallery-item__image\" data-thumbnail=\"https:\/\/www.thesanmarco.com\/wp-content\/uploads\/2024\/01\/nev-2-23-opening.jpg\" data-width=\"2000\" data-height=\"1333\" aria-label=\"\" role=\"img\" ><\/div>\n\t\t\t\t\t\t\t\t\t\t\t\t\t\t<\/div>\n\t\t\t\t\t\t\t<div class=\"e-gallery-item elementor-gallery-item elementor-animated-content\">\n\t\t\t\t\t<div class=\"e-gallery-image elementor-gallery-item__image\" data-thumbnail=\"https:\/\/www.thesanmarco.com\/wp-content\/uploads\/2024\/01\/nev-covers.gif\" data-width=\"1600\" data-height=\"1231\" aria-label=\"\" role=\"img\" ><\/div>\n\t\t\t\t\t\t\t\t\t\t\t\t\t\t<\/div>\n\t\t\t\t\t\t\t<div class=\"e-gallery-item elementor-gallery-item elementor-animated-content\">\n\t\t\t\t\t<div class=\"e-gallery-image elementor-gallery-item__image\" data-thumbnail=\"https:\/\/www.thesanmarco.com\/wp-content\/uploads\/2024\/01\/nev-1-23-scaled.jpg\" data-width=\"2560\" data-height=\"1969\" aria-label=\"\" role=\"img\" ><\/div>\n\t\t\t\t\t\t\t\t\t\t\t\t\t\t<\/div>\n\t\t\t\t\t\t\t<div class=\"e-gallery-item elementor-gallery-item elementor-animated-content\">\n\t\t\t\t\t<div class=\"e-gallery-image elementor-gallery-item__image\" data-thumbnail=\"https:\/\/www.thesanmarco.com\/wp-content\/uploads\/2024\/01\/nev-1-23content.jpg\" data-width=\"1600\" data-height=\"1231\" aria-label=\"\" role=\"img\" ><\/div>\n\t\t\t\t\t\t\t\t\t\t\t\t\t\t<\/div>\n\t\t\t\t\t\t\t<div class=\"e-gallery-item elementor-gallery-item elementor-animated-content\">\n\t\t\t\t\t<div class=\"e-gallery-image elementor-gallery-item__image\" data-thumbnail=\"https:\/\/www.thesanmarco.com\/wp-content\/uploads\/2024\/01\/nev-1-20-1415.jpg\" data-width=\"1600\" data-height=\"1231\" aria-label=\"\" role=\"img\" ><\/div>\n\t\t\t\t\t\t\t\t\t\t\t\t\t\t<\/div>\n\t\t\t\t\t\t\t<div class=\"e-gallery-item elementor-gallery-item elementor-animated-content\">\n\t\t\t\t\t<div class=\"e-gallery-image elementor-gallery-item__image\" data-thumbnail=\"https:\/\/www.thesanmarco.com\/wp-content\/uploads\/2024\/01\/nev-1-22-2021.jpg\" data-width=\"1600\" data-height=\"1231\" aria-label=\"\" role=\"img\" ><\/div>\n\t\t\t\t\t\t\t\t\t\t\t\t\t\t<\/div>\n\t\t\t\t\t\t\t<div class=\"e-gallery-item elementor-gallery-item elementor-animated-content\">\n\t\t\t\t\t<div class=\"e-gallery-image elementor-gallery-item__image\" data-thumbnail=\"https:\/\/www.thesanmarco.com\/wp-content\/uploads\/2024\/01\/nev-1-23-6-ipad.jpg\" data-width=\"1600\" data-height=\"1600\" aria-label=\"\" role=\"img\" ><\/div>\n\t\t\t\t\t\t\t\t\t\t\t\t\t\t<\/div>\n\t\t\t\t\t\t\t<div class=\"e-gallery-item elementor-gallery-item elementor-animated-content\">\n\t\t\t\t\t<div class=\"e-gallery-image elementor-gallery-item__image\" data-thumbnail=\"https:\/\/www.thesanmarco.com\/wp-content\/uploads\/2024\/01\/nev-1-23-23.jpg\" data-width=\"1600\" data-height=\"1231\" aria-label=\"\" role=\"img\" ><\/div>\n\t\t\t\t\t\t\t\t\t\t\t\t\t\t<\/div>\n\t\t\t\t\t\t\t<div class=\"e-gallery-item elementor-gallery-item elementor-animated-content\">\n\t\t\t\t\t<div class=\"e-gallery-image elementor-gallery-item__image\" data-thumbnail=\"https:\/\/www.thesanmarco.com\/wp-content\/uploads\/2024\/01\/nev-1-23-30-ipad.jpg\" data-width=\"1600\" data-height=\"1600\" aria-label=\"\" role=\"img\" ><\/div>\n\t\t\t\t\t\t\t\t\t\t\t\t\t\t<\/div>\n\t\t\t\t\t\t\t<div class=\"e-gallery-item elementor-gallery-item elementor-animated-content\">\n\t\t\t\t\t<div class=\"e-gallery-image elementor-gallery-item__image\" data-thumbnail=\"https:\/\/www.thesanmarco.com\/wp-content\/uploads\/2024\/01\/nev-1-23-1617.jpg\" data-width=\"1600\" data-height=\"1231\" aria-label=\"\" role=\"img\" ><\/div>\n\t\t\t\t\t\t\t\t\t\t\t\t\t\t<\/div>\n\t\t\t\t\t\t\t<div class=\"e-gallery-item elementor-gallery-item elementor-animated-content\">\n\t\t\t\t\t<div class=\"e-gallery-image elementor-gallery-item__image\" data-thumbnail=\"https:\/\/www.thesanmarco.com\/wp-content\/uploads\/2024\/01\/nev-3-20-3839.jpg\" data-width=\"1600\" data-height=\"1231\" aria-label=\"\" role=\"img\" ><\/div>\n\t\t\t\t\t\t\t\t\t\t\t\t\t\t<\/div>\n\t\t\t\t\t<\/div>\n\t\t\t\t\t<\/div>\n\t\t\t\t<\/div>\n\t\t\t\t<\/div>\n\t\t<div class=\"elementor-element elementor-element-71fe54a e-con-full e-flex e-con e-parent\" data-id=\"71fe54a\" data-element_type=\"container\" data-settings=\"{&quot;background_background&quot;:&quot;classic&quot;}\">\n\t\t<div class=\"elementor-element elementor-element-55a1bdc e-con-full e-flex e-con e-child\" data-id=\"55a1bdc\" data-element_type=\"container\">\n\t\t\t\t<div class=\"elementor-element elementor-element-f5951d2 elementor-widget__width-initial elementor-widget elementor-widget-heading\" data-id=\"f5951d2\" data-element_type=\"widget\" data-widget_type=\"heading.default\">\n\t\t\t\t<div class=\"elementor-widget-container\">\n\t\t\t\t\t<h3 class=\"elementor-heading-title elementor-size-default\">services<\/h3>\t\t\t\t<\/div>\n\t\t\t\t<\/div>\n\t\t\t\t<div class=\"elementor-element elementor-element-90829fc elementor-widget__width-initial elementor-widget elementor-widget-text-editor\" data-id=\"90829fc\" data-element_type=\"widget\" data-widget_type=\"text-editor.default\">\n\t\t\t\t<div class=\"elementor-widget-container\">\n\t\t\t\t\t\t\t\t\t<p>Creative concept<br \/>Editorial design<\/p>\t\t\t\t\t\t\t\t<\/div>\n\t\t\t\t<\/div>\n\t\t\t\t<\/div>\n\t\t<div class=\"elementor-element elementor-element-c752e5c e-con-full e-flex e-con e-child\" data-id=\"c752e5c\" data-element_type=\"container\">\n\t\t\t\t<div class=\"elementor-element elementor-element-3b8b99f elementor-widget__width-initial elementor-widget elementor-widget-heading\" data-id=\"3b8b99f\" data-element_type=\"widget\" data-widget_type=\"heading.default\">\n\t\t\t\t<div class=\"elementor-widget-container\">\n\t\t\t\t\t<h3 class=\"elementor-heading-title elementor-size-default\">client<\/h3>\t\t\t\t<\/div>\n\t\t\t\t<\/div>\n\t\t\t\t<div class=\"elementor-element elementor-element-5913412 elementor-widget__width-initial elementor-widget elementor-widget-text-editor\" data-id=\"5913412\" data-element_type=\"widget\" data-widget_type=\"text-editor.default\">\n\t\t\t\t<div class=\"elementor-widget-container\">\n\t\t\t\t\t\t\t\t\t<p>\u00d6sterreichischer Juristenverband<\/p>\t\t\t\t\t\t\t\t<\/div>\n\t\t\t\t<\/div>\n\t\t\t\t<\/div>\n\t\t<div class=\"elementor-element elementor-element-421dbb5 e-con-full e-flex e-con e-child\" data-id=\"421dbb5\" data-element_type=\"container\">\n\t\t\t\t<\/div>\n\t\t\t\t<\/div>\n\t\t\t\t<\/div>\n\t\t","protected":false},"excerpt":{"rendered":"<p>Nova et Varia Als Relaunch-Projekt gestartet, geht das Periodical des Juristenverbands mittlerweile ins 5. Jahr. Mitgrund f\u00fcr die ungebrochene Beliebtheit des Fachmagazins: Die zeitlose, \u00e4sthetische und einladende Aufbereitung des juristischen Fach-Contents. services Creative conceptEditorial design client \u00d6sterreichischer Juristenverband<\/p>\n","protected":false},"author":2,"featured_media":5416,"parent":0,"menu_order":0,"comment_status":"closed","ping_status":"closed","template":"","meta":{"footnotes":""},"class_list":["post-5408","page","type-page","status-publish","has-post-thumbnail","hentry"],"yoast_head":"<!-- This site is optimized with the Yoast SEO plugin v26.7 - https:\/\/yoast.com\/wordpress\/plugins\/seo\/ -->\n<title>Nova et Varia - Editorial design by thesanmarco<\/title>\n<meta name=\"description\" content=\"Juristischer Fach-Content f\u00fcrs \u00e4sthetische Auge aufbereitet: Konzeption, Relaunch &amp; Editorial Design des Periodicals des Juristenverbands.\" \/>\n<meta name=\"robots\" content=\"index, follow, max-snippet:-1, max-image-preview:large, max-video-preview:-1\" \/>\n<link rel=\"canonical\" href=\"https:\/\/www.thesanmarco.com\/index.php\/nova-et-varia-2\/\" \/>\n<meta property=\"og:locale\" content=\"de_DE\" \/>\n<meta property=\"og:type\" content=\"article\" \/>\n<meta property=\"og:title\" content=\"Nova et Varia - Editorial design by thesanmarco\" \/>\n<meta property=\"og:description\" content=\"Juristischer Fach-Content f\u00fcrs \u00e4sthetische Auge aufbereitet: Konzeption, Relaunch &amp; Editorial Design des Periodicals des Juristenverbands.\" \/>\n<meta property=\"og:url\" content=\"https:\/\/www.thesanmarco.com\/index.php\/nova-et-varia-2\/\" \/>\n<meta property=\"og:site_name\" content=\"thesanmarco\" \/>\n<meta property=\"article:modified_time\" content=\"2024-01-24T21:55:59+00:00\" \/>\n<meta property=\"og:image\" content=\"https:\/\/www.thesanmarco.com\/wp-content\/uploads\/2024\/01\/nev-1-23-scaled.jpg\" \/>\n\t<meta property=\"og:image:width\" content=\"2560\" \/>\n\t<meta property=\"og:image:height\" content=\"1969\" \/>\n\t<meta property=\"og:image:type\" content=\"image\/jpeg\" \/>\n<meta name=\"twitter:card\" content=\"summary_large_image\" \/>\n<meta name=\"twitter:label1\" content=\"Gesch\u00e4tzte Lesezeit\" \/>\n\t<meta name=\"twitter:data1\" content=\"1\u00a0Minute\" \/>\n<script type=\"application\/ld+json\" class=\"yoast-schema-graph\">{\"@context\":\"https:\/\/schema.org\",\"@graph\":[{\"@type\":\"WebPage\",\"@id\":\"https:\/\/www.thesanmarco.com\/index.php\/nova-et-varia-2\/\",\"url\":\"https:\/\/www.thesanmarco.com\/index.php\/nova-et-varia-2\/\",\"name\":\"Nova et Varia - Editorial design by thesanmarco\",\"isPartOf\":{\"@id\":\"https:\/\/www.thesanmarco.com\/#website\"},\"primaryImageOfPage\":{\"@id\":\"https:\/\/www.thesanmarco.com\/index.php\/nova-et-varia-2\/#primaryimage\"},\"image\":{\"@id\":\"https:\/\/www.thesanmarco.com\/index.php\/nova-et-varia-2\/#primaryimage\"},\"thumbnailUrl\":\"https:\/\/www.thesanmarco.com\/wp-content\/uploads\/2024\/01\/nev-1-23-scaled.jpg\",\"datePublished\":\"2024-01-23T15:21:21+00:00\",\"dateModified\":\"2024-01-24T21:55:59+00:00\",\"description\":\"Juristischer Fach-Content f\u00fcrs \u00e4sthetische Auge aufbereitet: Konzeption, Relaunch & Editorial Design des Periodicals des Juristenverbands.\",\"breadcrumb\":{\"@id\":\"https:\/\/www.thesanmarco.com\/index.php\/nova-et-varia-2\/#breadcrumb\"},\"inLanguage\":\"de\",\"potentialAction\":[{\"@type\":\"ReadAction\",\"target\":[\"https:\/\/www.thesanmarco.com\/index.php\/nova-et-varia-2\/\"]}]},{\"@type\":\"ImageObject\",\"inLanguage\":\"de\",\"@id\":\"https:\/\/www.thesanmarco.com\/index.php\/nova-et-varia-2\/#primaryimage\",\"url\":\"https:\/\/www.thesanmarco.com\/wp-content\/uploads\/2024\/01\/nev-1-23-scaled.jpg\",\"contentUrl\":\"https:\/\/www.thesanmarco.com\/wp-content\/uploads\/2024\/01\/nev-1-23-scaled.jpg\",\"width\":2560,\"height\":1969},{\"@type\":\"BreadcrumbList\",\"@id\":\"https:\/\/www.thesanmarco.com\/index.php\/nova-et-varia-2\/#breadcrumb\",\"itemListElement\":[{\"@type\":\"ListItem\",\"position\":1,\"name\":\"Home\",\"item\":\"https:\/\/www.thesanmarco.com\/\"},{\"@type\":\"ListItem\",\"position\":2,\"name\":\"Nova et Varia\"}]},{\"@type\":\"WebSite\",\"@id\":\"https:\/\/www.thesanmarco.com\/#website\",\"url\":\"https:\/\/www.thesanmarco.com\/\",\"name\":\"thesanmarco\",\"description\":\"#thesanmarcoworks\",\"publisher\":{\"@id\":\"https:\/\/www.thesanmarco.com\/#organization\"},\"potentialAction\":[{\"@type\":\"SearchAction\",\"target\":{\"@type\":\"EntryPoint\",\"urlTemplate\":\"https:\/\/www.thesanmarco.com\/?s={search_term_string}\"},\"query-input\":{\"@type\":\"PropertyValueSpecification\",\"valueRequired\":true,\"valueName\":\"search_term_string\"}}],\"inLanguage\":\"de\"},{\"@type\":\"Organization\",\"@id\":\"https:\/\/www.thesanmarco.com\/#organization\",\"name\":\"thesanmarco\",\"url\":\"https:\/\/www.thesanmarco.com\/\",\"logo\":{\"@type\":\"ImageObject\",\"inLanguage\":\"de\",\"@id\":\"https:\/\/www.thesanmarco.com\/#\/schema\/logo\/image\/\",\"url\":\"https:\/\/www.thesanmarco.com\/wp-content\/uploads\/2020\/04\/thesanmarco-opt-1.svg\",\"contentUrl\":\"https:\/\/www.thesanmarco.com\/wp-content\/uploads\/2020\/04\/thesanmarco-opt-1.svg\",\"width\":500,\"height\":57,\"caption\":\"thesanmarco\"},\"image\":{\"@id\":\"https:\/\/www.thesanmarco.com\/#\/schema\/logo\/image\/\"}}]}<\/script>\n<!-- \/ Yoast SEO plugin. -->","yoast_head_json":{"title":"Nova et Varia - Editorial design by thesanmarco","description":"Juristischer Fach-Content f\u00fcrs \u00e4sthetische Auge aufbereitet: Konzeption, Relaunch & Editorial Design des Periodicals des Juristenverbands.","robots":{"index":"index","follow":"follow","max-snippet":"max-snippet:-1","max-image-preview":"max-image-preview:large","max-video-preview":"max-video-preview:-1"},"canonical":"https:\/\/www.thesanmarco.com\/index.php\/nova-et-varia-2\/","og_locale":"de_DE","og_type":"article","og_title":"Nova et Varia - Editorial design by thesanmarco","og_description":"Juristischer Fach-Content f\u00fcrs \u00e4sthetische Auge aufbereitet: Konzeption, Relaunch & Editorial Design des Periodicals des Juristenverbands.","og_url":"https:\/\/www.thesanmarco.com\/index.php\/nova-et-varia-2\/","og_site_name":"thesanmarco","article_modified_time":"2024-01-24T21:55:59+00:00","og_image":[{"width":2560,"height":1969,"url":"https:\/\/www.thesanmarco.com\/wp-content\/uploads\/2024\/01\/nev-1-23-scaled.jpg","type":"image\/jpeg"}],"twitter_card":"summary_large_image","twitter_misc":{"Gesch\u00e4tzte Lesezeit":"1\u00a0Minute"},"schema":{"@context":"https:\/\/schema.org","@graph":[{"@type":"WebPage","@id":"https:\/\/www.thesanmarco.com\/index.php\/nova-et-varia-2\/","url":"https:\/\/www.thesanmarco.com\/index.php\/nova-et-varia-2\/","name":"Nova et Varia - Editorial design by thesanmarco","isPartOf":{"@id":"https:\/\/www.thesanmarco.com\/#website"},"primaryImageOfPage":{"@id":"https:\/\/www.thesanmarco.com\/index.php\/nova-et-varia-2\/#primaryimage"},"image":{"@id":"https:\/\/www.thesanmarco.com\/index.php\/nova-et-varia-2\/#primaryimage"},"thumbnailUrl":"https:\/\/www.thesanmarco.com\/wp-content\/uploads\/2024\/01\/nev-1-23-scaled.jpg","datePublished":"2024-01-23T15:21:21+00:00","dateModified":"2024-01-24T21:55:59+00:00","description":"Juristischer Fach-Content f\u00fcrs \u00e4sthetische Auge aufbereitet: Konzeption, Relaunch & Editorial Design des Periodicals des Juristenverbands.","breadcrumb":{"@id":"https:\/\/www.thesanmarco.com\/index.php\/nova-et-varia-2\/#breadcrumb"},"inLanguage":"de","potentialAction":[{"@type":"ReadAction","target":["https:\/\/www.thesanmarco.com\/index.php\/nova-et-varia-2\/"]}]},{"@type":"ImageObject","inLanguage":"de","@id":"https:\/\/www.thesanmarco.com\/index.php\/nova-et-varia-2\/#primaryimage","url":"https:\/\/www.thesanmarco.com\/wp-content\/uploads\/2024\/01\/nev-1-23-scaled.jpg","contentUrl":"https:\/\/www.thesanmarco.com\/wp-content\/uploads\/2024\/01\/nev-1-23-scaled.jpg","width":2560,"height":1969},{"@type":"BreadcrumbList","@id":"https:\/\/www.thesanmarco.com\/index.php\/nova-et-varia-2\/#breadcrumb","itemListElement":[{"@type":"ListItem","position":1,"name":"Home","item":"https:\/\/www.thesanmarco.com\/"},{"@type":"ListItem","position":2,"name":"Nova et Varia"}]},{"@type":"WebSite","@id":"https:\/\/www.thesanmarco.com\/#website","url":"https:\/\/www.thesanmarco.com\/","name":"thesanmarco","description":"#thesanmarcoworks","publisher":{"@id":"https:\/\/www.thesanmarco.com\/#organization"},"potentialAction":[{"@type":"SearchAction","target":{"@type":"EntryPoint","urlTemplate":"https:\/\/www.thesanmarco.com\/?s={search_term_string}"},"query-input":{"@type":"PropertyValueSpecification","valueRequired":true,"valueName":"search_term_string"}}],"inLanguage":"de"},{"@type":"Organization","@id":"https:\/\/www.thesanmarco.com\/#organization","name":"thesanmarco","url":"https:\/\/www.thesanmarco.com\/","logo":{"@type":"ImageObject","inLanguage":"de","@id":"https:\/\/www.thesanmarco.com\/#\/schema\/logo\/image\/","url":"https:\/\/www.thesanmarco.com\/wp-content\/uploads\/2020\/04\/thesanmarco-opt-1.svg","contentUrl":"https:\/\/www.thesanmarco.com\/wp-content\/uploads\/2020\/04\/thesanmarco-opt-1.svg","width":500,"height":57,"caption":"thesanmarco"},"image":{"@id":"https:\/\/www.thesanmarco.com\/#\/schema\/logo\/image\/"}}]}},"_links":{"self":[{"href":"https:\/\/www.thesanmarco.com\/index.php\/wp-json\/wp\/v2\/pages\/5408","targetHints":{"allow":["GET"]}}],"collection":[{"href":"https:\/\/www.thesanmarco.com\/index.php\/wp-json\/wp\/v2\/pages"}],"about":[{"href":"https:\/\/www.thesanmarco.com\/index.php\/wp-json\/wp\/v2\/types\/page"}],"author":[{"embeddable":true,"href":"https:\/\/www.thesanmarco.com\/index.php\/wp-json\/wp\/v2\/users\/2"}],"replies":[{"embeddable":true,"href":"https:\/\/www.thesanmarco.com\/index.php\/wp-json\/wp\/v2\/comments?post=5408"}],"version-history":[{"count":15,"href":"https:\/\/www.thesanmarco.com\/index.php\/wp-json\/wp\/v2\/pages\/5408\/revisions"}],"predecessor-version":[{"id":5553,"href":"https:\/\/www.thesanmarco.com\/index.php\/wp-json\/wp\/v2\/pages\/5408\/revisions\/5553"}],"wp:featuredmedia":[{"embeddable":true,"href":"https:\/\/www.thesanmarco.com\/index.php\/wp-json\/wp\/v2\/media\/5416"}],"wp:attachment":[{"href":"https:\/\/www.thesanmarco.com\/index.php\/wp-json\/wp\/v2\/media?parent=5408"}],"curies":[{"name":"wp","href":"https:\/\/api.w.org\/{rel}","templated":true}]}}